{"id":5092,"date":"2025-07-09T10:56:00","date_gmt":"2025-07-09T08:56:00","guid":{"rendered":"https:\/\/www.aupa-immo.com\/06-2-valorar-tu-inmueble-valorar-para-alquilar\/"},"modified":"2026-03-05T11:46:51","modified_gmt":"2026-03-05T10:46:51","slug":"estimacion-alquiler","status":"publish","type":"page","link":"https:\/\/www.aupa-immo.com\/es\/estimacion-alquiler\/","title":{"rendered":"06.2 Valorar tu inmueble - Valorar para alquilar"},"content":{"rendered":"\n<div data-swiper=\"{&quot;speed&quot;:1000,&quot;autoplay&quot;:{&quot;delay&quot;:5000,&quot;disableOnInteraction&quot;:false},&quot;spaceBetween&quot;:0,&quot;slidesPerView&quot;:1,&quot;pagination&quot;:{&quot;el&quot;:&quot;.swiper-pagination&quot;,&quot;dynamicBullets&quot;:true,&quot;clickable&quot;:true,&quot;type&quot;:&quot;bullets&quot;},&quot;navigation&quot;:{&quot;nextEl&quot;:&quot;.swiper-button-next&quot;,&quot;prevEl&quot;:&quot;.swiper-button-prev&quot;},&quot;breakpoints&quot;:[{&quot;slidesPerView&quot;:1}]}\" class=\"wp-block-cover banner\" style=\"margin-top:0px;margin-bottom:0px;padding-right:4.4rem;padding-bottom:71px;padding-left:4.4rem;min-height:100vh;aspect-ratio:unset;\"><img loading=\"lazy\" decoding=\"async\" width=\"2048\" height=\"900\" class=\"wp-block-cover__image-background wp-image-31862 size-full\" alt=\"Mouettes\" src=\"https:\/\/www.aupa-immo.com\/wp-content\/uploads\/2025\/11\/Mouettes-scaled.jpeg\" data-object-fit=\"cover\" srcset=\"https:\/\/www.aupa-immo.com\/wp-content\/uploads\/2025\/11\/Mouettes-scaled.jpeg 2048w, https:\/\/www.aupa-immo.com\/wp-content\/uploads\/2025\/11\/Mouettes-300x132.jpeg 300w, https:\/\/www.aupa-immo.com\/wp-content\/uploads\/2025\/11\/Mouettes-1024x450.jpeg 1024w, https:\/\/www.aupa-immo.com\/wp-content\/uploads\/2025\/11\/Mouettes-768x338.jpeg 768w, https:\/\/www.aupa-immo.com\/wp-content\/uploads\/2025\/11\/Mouettes-1536x675.jpeg 1536w\" sizes=\"auto, (max-width: 2048px) 100vw, 2048px\" \/><span aria-hidden=\"true\" class=\"wp-block-cover__background has-background-dim wp-block-cover__gradient-background has-background-gradient\" style=\"background:linear-gradient(0deg,rgb(255,255,255) 3%,rgba(255,255,255,0.34) 16%,rgba(255,255,255,0) 100%)\"><\/span><div class=\"wp-block-cover__inner-container is-layout-flow wp-block-cover-is-layout-flow\">\n<div class=\"wp-block-group banner__group is-vertical is-content-justification-center is-nowrap is-layout-flex wp-container-core-group-is-layout-712ed239 wp-block-group-is-layout-flex\" style=\"min-height:0px;margin-top:10rem\">\n<div class=\"wp-block-group alignfull banner__slogan has-base-2-color has-text-color has-link-color wp-elements-0a553d3a6697ac4e2d91d7af4d7fd43c is-vertical is-content-justification-center is-nowrap is-layout-flex wp-container-core-group-is-layout-98ba79f1 wp-block-group-is-layout-flex\" style=\"line-height:1.1;text-transform:uppercase\">\n<p class=\"has-text-align-center\" style=\"font-size:clamp(41.23px, 2.577rem + ((1vw - 3.2px) * 3.83), 78px);font-style:normal;font-weight:600;letter-spacing:9.36px\"><mark style=\"background-color:rgba(0, 0, 0, 0)\" class=\"has-inline-color has-custom-bleu-clair-color\">Personas<\/mark>y<mark style=\"background-color:rgba(0, 0, 0, 0)\" class=\"has-inline-color has-custom-bleu-clair-color\">pasi\u00f3n<\/mark><\/p>\n\n\n\n<p class=\"has-text-align-center\" style=\"font-size:clamp(24.034px, 1.502rem + ((1vw - 3.2px) * 1.663), 40px);\">al servicio de tu propiedad<\/p>\n<\/div>\n\n\n\n<div class=\"wp-block-group alignfull form__wrapper has-global-padding is-layout-constrained wp-container-core-group-is-layout-abb6fe41 wp-block-group-is-layout-constrained\"><!-- AUPA Form Debug - active_tab: purchase --><!-- AUPA Form Context: {&quot;purchaseIsActive&quot;:true,&quot;rentalIsActive&quot;:false,&quot;seasonalRentalIsActive&quot;:false,&quot;projectIsActive&quot;:false} -->\n<div\n    class=\"wp-block-aupa-form\"    id=\"aupa-search-form\"\n>\n    <div class=\"aupa-search\">\n        <ul class=\"aupa-search-tabs\">\n                        <li id=\"tab-purchase\" class=\"activetab\">\n                <button type=\"button\" data-tab=\"purchase\" onclick=\"aupaChangeTab('purchase')\">Comprar<\/button>\n            <\/li>\n            \n                        <li id=\"tab-project\" class=\"\">\n                <button type=\"button\" data-tab=\"project\" onclick=\"aupaChangeTab('project')\">Nuevos desarrollos<\/button>\n            <\/li>\n            \n                        <li id=\"tab-rental\" class=\"\">\n                <button type=\"button\" data-tab=\"rental\" onclick=\"aupaChangeTab('rental')\">Alquiler al a\u00f1o<\/button>\n            <\/li>\n            \n                        <li id=\"tab-seasonal_rental\" class=\"\">\n                <button type=\"button\" data-tab=\"seasonal_rental\" onclick=\"aupaChangeTab('seasonal_rental')\">Alquiler de vacaciones<\/button>\n            <\/li>\n                    <\/ul>\n        <div class=\"aupa-search-form\">\n                            <form id=\"form-purchase\" action=\"https:\/\/www.aupa-immo.com\/achat-vente-biens-landes\/\" method=\"GET\" class=\"\" onsubmit=\"aupaHandleFormSubmit('purchase')\">\n                <input type=\"hidden\" name=\"tab\" value=\"purchase\" \/>\n                <div class=\"aupa-form-field\">\n                    <select name=\"localization\">\n                        <option value=\"\">Ubicaci\u00f3n<\/option>\n                                                    <option value=\"capbreton\">Capbreton<\/option>\n                                                    <option value=\"messanges\">Messanges<\/option>\n                                                    <option value=\"moliets\">Moliets<\/option>\n                                                    <option value=\"moliets-et-maa\">Moliets-et-Maa<\/option>\n                                                    <option value=\"saint-michel-escalus\">Saint-Michel-Escalus<\/option>\n                                                    <option value=\"soustons\">Soustons<\/option>\n                                                    <option value=\"vieux-boucau\">Vieux-Boucau<\/option>\n                                                    <option value=\"vieux-boucau-les-bains\">Vieux-Boucau-les-Bains<\/option>\n                                            <\/select>\n                    <select name=\"type\">\n                        <option value=\"\">Tipo de propiedad<\/option>\n                                                    <option value=\"apartment\">Apartamento<\/option>\n                                                    <option value=\"house\">Casa<\/option>\n                                                    <option value=\"land\">Terreno<\/option>\n                                            <\/select>\n                    <input type=\"number\" name=\"budget_max\" placeholder=\"Presupuesto m\u00e1ximo\" step=\"1000\" min=\"0\" \/>\n                    <select name=\"nb_rooms_min\">\n                        <option value=\"\">N\u00famero de piezas<\/option>\n                                                    <option value=\"3\">3<\/option>\n                                                    <option value=\"4\">4<\/option>\n                                                    <option value=\"5\">5<\/option>\n                                                    <option value=\"6\">6<\/option>\n                                                    <option value=\"8\">8<\/option>\n                                                    <option value=\"9\">9<\/option>\n                                                    <option value=\"10\">10<\/option>\n                                                    <option value=\"12\">12<\/option>\n                                                    <option value=\"13\">13<\/option>\n                                            <\/select>\n                <\/div>\n                <div>\n                    <button type=\"submit\">\n                        <svg xmlns=\"http:\/\/www.w3.org\/2000\/svg\" viewBox=\"0 0 256 256\"><path d=\"M229.66,218.34l-50.07-50.06a88.11,88.11,0,1,0-11.31,11.31l50.06,50.07a8,8,0,0,0,11.32-11.32ZM40,112a72,72,0,1,1,72,72A72.08,72.08,0,0,1,40,112Z\"><\/path><\/svg>\n                    <\/button>\n                <\/div>\n            <\/form>\n            \n                        <form id=\"form-project\" action=\"https:\/\/www.aupa-immo.com\/programme-neuf-achat-vente-landes\/\" method=\"GET\" class=\"hidden\" onsubmit=\"aupaHandleFormSubmit('project')\">\n                <input type=\"hidden\" name=\"tab\" value=\"project\" \/>\n                <div class=\"aupa-form-field\">\n                    <select name=\"localization\">\n                        <option value=\"\">Ubicaci\u00f3n<\/option>\n                                                    <option value=\"magescq\">Magescq<\/option>\n                                                    <option value=\"messanges\">Messanges<\/option>\n                                                    <option value=\"seignosse\">Seignosse<\/option>\n                                                    <option value=\"vielle-saint-girons\">Vielle-Saint-Girons<\/option>\n                                            <\/select>\n                    <input type=\"number\" name=\"budget_max\" placeholder=\"Presupuesto m\u00e1ximo\" step=\"1000\" min=\"0\" \/>\n                <\/div>\n                <div>\n                    <button type=\"submit\">\n                        <svg xmlns=\"http:\/\/www.w3.org\/2000\/svg\" viewBox=\"0 0 256 256\"><path d=\"M229.66,218.34l-50.07-50.06a88.11,88.11,0,1,0-11.31,11.31l50.06,50.07a8,8,0,0,0,11.32-11.32ZM40,112a72,72,0,1,1,72,72A72.08,72.08,0,0,1,40,112Z\"><\/path><\/svg>\n                    <\/button>\n                <\/div>\n            <\/form>\n            \n                            <form id=\"form-rental\" action=\"https:\/\/www.aupa-immo.com\/location-longue-duree-landes\/\" method=\"GET\" class=\"hidden\" onsubmit=\"aupaHandleFormSubmit('rental')\">\n                <input type=\"hidden\" name=\"tab\" value=\"rental\" \/>\n                <div class=\"aupa-form-field\">\n                    <select name=\"localization\">\n                        <option value=\"\">Ubicaci\u00f3n<\/option>\n                                            <\/select>\n                    <select name=\"type\">\n                        <option value=\"\">Tipo de propiedad<\/option>\n                                            <\/select>\n                    <input type=\"number\" name=\"budget_max\" placeholder=\"Alquiler m\u00e1ximo\" step=\"100\" min=\"400\" \/>\n                    <select name=\"nb_bedrooms_min\">\n                        <option value=\"\">N\u00ba de habitaciones<\/option>\n                        <option value=\"\">Aucune donn\u00e9e disponible<\/option>                    <\/select>\n                <\/div>\n                <div>\n                    <button type=\"submit\">\n                        <svg xmlns=\"http:\/\/www.w3.org\/2000\/svg\" viewBox=\"0 0 256 256\"><path d=\"M229.66,218.34l-50.07-50.06a88.11,88.11,0,1,0-11.31,11.31l50.06,50.07a8,8,0,0,0,11.32-11.32ZM40,112a72,72,0,1,1,72,72A72.08,72.08,0,0,1,40,112Z\"><\/path><\/svg>\n                    <\/button>\n                <\/div>\n            <\/form>\n            \n                            <form id=\"form-seasonal_rental\" action=\"https:\/\/www.aupa-immo.com\/location-saisonniere-landes\/\" method=\"GET\" class=\"hidden\" onsubmit=\"aupaHandleFormSubmit('seasonal_rental')\">\n                <input type=\"hidden\" name=\"tab\" value=\"seasonal_rental\" \/>\n                <div class=\"aupa-form-field\">\n                    <select name=\"type\" data-filter-type=\"type\">\n                        <option value=\"\">Tipo de propiedad<\/option>\n                                                    <option value=\"appartement\">Apartamento<\/option>\n                                                    <option value=\"maison\">Casa<\/option>\n                                            <\/select>\n                    <select name=\"localization\" data-filter-type=\"city\">\n                        <option value=\"\">Municipio<\/option>\n                                                    <option value=\"azur\">AZUR<\/option>\n                                                    <option value=\"messanges\">MESSANGES<\/option>\n                                                    <option value=\"moliets-et-maa\">MOLIETS ET MAA<\/option>\n                                                    <option value=\"soustons-plage\">SOUSTONS PLAGE<\/option>\n                                                    <option value=\"urrugne\">URRUGNE<\/option>\n                                                    <option value=\"vieux-boucau-les-bains\">VIEUX BOUCAU LES BAINS<\/option>\n                                            <\/select>\n                    <input type=\"number\" name=\"budget_max\" placeholder=\"Presupuesto m\u00e1ximo (\u20ac\/semana)\" step=\"50\" min=\"0\" \/>\n                                        <select name=\"capacity\" data-filter-type=\"capacity\">\n                        <option value=\"\">Capacidad m\u00edn.<\/option>\n                                                        <option value=\"2\">2 personas<\/option>\n                                                            <option value=\"3\">3 personas<\/option>\n                                                            <option value=\"4\">4 personas<\/option>\n                                                            <option value=\"5\">5 personas<\/option>\n                                                            <option value=\"6\">6 personas<\/option>\n                                                            <option value=\"7\">7 personas<\/option>\n                                                            <option value=\"8\">8 personas<\/option>\n                                                            <option value=\"9\">9 personas<\/option>\n                                                            <option value=\"10\">10 personas<\/option>\n                                                <\/select>\n                <\/div>\n                <div>\n                    <button type=\"submit\">\n                        <svg xmlns=\"http:\/\/www.w3.org\/2000\/svg\" viewBox=\"0 0 256 256\"><path d=\"M229.66,218.34l-50.07-50.06a88.11,88.11,0,1,0-11.31,11.31l50.06,50.07a8,8,0,0,0,11.32-11.32ZM40,112a72,72,0,1,1,72,72A72.08,72.08,0,0,1,40,112Z\"><\/path><\/svg>\n                    <\/button>\n                <\/div>\n            <\/form>\n            \n            <!-- Script pour les filtres dynamiques de la search bar -->\n            <script>\n                window.AUPA_FORM_FILTER_COMBINATIONS = [{\"capacity\":4,\"bedrooms\":2,\"city\":\"azur\",\"type\":\"appartement\"},{\"capacity\":8,\"bedrooms\":4,\"city\":\"azur\",\"type\":\"maison\"},{\"capacity\":5,\"bedrooms\":2,\"city\":\"messanges\",\"type\":\"maison\"},{\"capacity\":6,\"bedrooms\":2,\"city\":\"messanges\",\"type\":\"appartement\"},{\"capacity\":6,\"bedrooms\":2,\"city\":\"messanges\",\"type\":\"maison\"},{\"capacity\":6,\"bedrooms\":3,\"city\":\"messanges\",\"type\":\"maison\"},{\"capacity\":8,\"bedrooms\":3,\"city\":\"messanges\",\"type\":\"maison\"},{\"capacity\":6,\"bedrooms\":3,\"city\":\"messanges\",\"type\":\"appartement\"},{\"capacity\":8,\"bedrooms\":4,\"city\":\"messanges\",\"type\":\"maison\"},{\"capacity\":4,\"bedrooms\":1,\"city\":\"moliets-et-maa\",\"type\":\"appartement\"},{\"capacity\":6,\"bedrooms\":2,\"city\":\"moliets-et-maa\",\"type\":\"maison\"},{\"capacity\":5,\"bedrooms\":2,\"city\":\"moliets-et-maa\",\"type\":\"maison\"},{\"capacity\":6,\"bedrooms\":2,\"city\":\"moliets-et-maa\",\"type\":\"appartement\"},{\"capacity\":4,\"bedrooms\":2,\"city\":\"moliets-et-maa\",\"type\":\"maison\"},{\"capacity\":4,\"bedrooms\":2,\"city\":\"moliets-et-maa\",\"type\":\"appartement\"},{\"capacity\":5,\"bedrooms\":2,\"city\":\"moliets-et-maa\",\"type\":\"appartement\"},{\"capacity\":6,\"bedrooms\":3,\"city\":\"moliets-et-maa\",\"type\":\"maison\"},{\"capacity\":6,\"bedrooms\":3,\"city\":\"moliets-et-maa\",\"type\":\"appartement\"},{\"capacity\":7,\"bedrooms\":3,\"city\":\"moliets-et-maa\",\"type\":\"maison\"},{\"capacity\":8,\"bedrooms\":3,\"city\":\"moliets-et-maa\",\"type\":\"maison\"},{\"capacity\":8,\"bedrooms\":4,\"city\":\"moliets-et-maa\",\"type\":\"maison\"},{\"capacity\":9,\"bedrooms\":4,\"city\":\"moliets-et-maa\",\"type\":\"maison\"},{\"capacity\":4,\"bedrooms\":1,\"city\":\"soustons-plage\",\"type\":\"appartement\"},{\"capacity\":6,\"bedrooms\":1,\"city\":\"soustons-plage\",\"type\":\"appartement\"},{\"capacity\":6,\"bedrooms\":2,\"city\":\"soustons-plage\",\"type\":\"maison\"},{\"capacity\":4,\"bedrooms\":2,\"city\":\"soustons-plage\",\"type\":\"appartement\"},{\"capacity\":4,\"bedrooms\":2,\"city\":\"soustons-plage\",\"type\":\"maison\"},{\"capacity\":5,\"bedrooms\":2,\"city\":\"soustons-plage\",\"type\":\"appartement\"},{\"capacity\":6,\"bedrooms\":3,\"city\":\"soustons-plage\",\"type\":\"maison\"},{\"capacity\":8,\"bedrooms\":3,\"city\":\"soustons-plage\",\"type\":\"maison\"},{\"capacity\":10,\"bedrooms\":4,\"city\":\"soustons-plage\",\"type\":\"maison\"},{\"capacity\":3,\"bedrooms\":1,\"city\":\"vieux-boucau-les-bains\",\"type\":\"appartement\"},{\"capacity\":2,\"bedrooms\":1,\"city\":\"vieux-boucau-les-bains\",\"type\":\"appartement\"},{\"capacity\":4,\"bedrooms\":1,\"city\":\"vieux-boucau-les-bains\",\"type\":\"maison\"},{\"capacity\":4,\"bedrooms\":1,\"city\":\"vieux-boucau-les-bains\",\"type\":\"appartement\"},{\"capacity\":6,\"bedrooms\":1,\"city\":\"vieux-boucau-les-bains\",\"type\":\"appartement\"},{\"capacity\":5,\"bedrooms\":1,\"city\":\"vieux-boucau-les-bains\",\"type\":\"appartement\"},{\"capacity\":6,\"bedrooms\":2,\"city\":\"vieux-boucau-les-bains\",\"type\":\"appartement\"},{\"capacity\":5,\"bedrooms\":2,\"city\":\"vieux-boucau-les-bains\",\"type\":\"appartement\"},{\"capacity\":4,\"bedrooms\":2,\"city\":\"vieux-boucau-les-bains\",\"type\":\"appartement\"},{\"capacity\":6,\"bedrooms\":2,\"city\":\"vieux-boucau-les-bains\",\"type\":\"maison\"},{\"capacity\":4,\"bedrooms\":2,\"city\":\"vieux-boucau-les-bains\",\"type\":\"maison\"},{\"capacity\":6,\"bedrooms\":3,\"city\":\"vieux-boucau-les-bains\",\"type\":\"maison\"},{\"capacity\":6,\"bedrooms\":3,\"city\":\"vieux-boucau-les-bains\",\"type\":\"appartement\"},{\"capacity\":8,\"bedrooms\":4,\"city\":\"vieux-boucau-les-bains\",\"type\":\"maison\"},{\"capacity\":10,\"bedrooms\":5,\"city\":\"vieux-boucau-les-bains\",\"type\":\"maison\"}];\n            <\/script>\n            \n        <\/div>\n    <\/div>\n<\/div><\/div>\n<\/div>\n<\/div><\/div>\n\n<div class=\"wp-block-group has-global-padding is-layout-constrained wp-block-group-is-layout-constrained\">\n<figure class=\"wp-block-image aligncenter size-large is-resized blob-image aupa\" style=\"margin-top:0px;margin-right:0px;margin-bottom:0px;margin-left:0px\"><img loading=\"lazy\" decoding=\"async\" width=\"791\" height=\"1024\" src=\"https:\/\/www.aupa-immo.com\/wp-content\/uploads\/2025\/07\/logo-aupa-a-791x1024.png\" alt=\"logotipo aupa a\" class=\"wp-image-976\" style=\"width:106px\" srcset=\"https:\/\/www.aupa-immo.com\/wp-content\/uploads\/2025\/07\/logo-aupa-a-791x1024.png 791w, https:\/\/www.aupa-immo.com\/wp-content\/uploads\/2025\/07\/logo-aupa-a-232x300.png 232w, https:\/\/www.aupa-immo.com\/wp-content\/uploads\/2025\/07\/logo-aupa-a-768x994.png 768w, https:\/\/www.aupa-immo.com\/wp-content\/uploads\/2025\/07\/logo-aupa-a.png 959w\" sizes=\"auto, (max-width: 791px) 100vw, 791px\" \/><\/figure>\n<\/div>\n\n<div class=\"wp-block-group is-content-justification-center is-nowrap is-layout-flex wp-container-core-group-is-layout-c1efe225 wp-block-group-is-layout-flex\" style=\"margin-top:-2rem\"><div class=\"wp-block-wpseopress-breadcrumbs\"><nav  aria-label=\"breadcrumb\"><ol class=\"breadcrumb\"><li class=\"breadcrumb-item active\" aria-current=\"page\"><span>Inicio<\/span><\/li><\/ol><\/nav><\/div><\/div>\n\n<section class=\"wp-block-group alignwide page-01 has-global-padding is-layout-constrained wp-container-core-group-is-layout-efe865d3 wp-block-group-is-layout-constrained\" style=\"padding-top:7rem;padding-bottom:7rem\">\n<div class=\"wp-block-columns is-layout-flex wp-container-core-columns-is-layout-9eeb8d21 wp-block-columns-is-layout-flex\" style=\"border-radius:0px;margin-top:0px;margin-right:0px;margin-bottom:0px;margin-left:0px;padding-top:0px;padding-right:0px;padding-bottom:0px;padding-left:0px\">\n<div class=\"wp-block-column is-vertically-aligned-center is-layout-flow wp-block-column-is-layout-flow\">\n<div class=\"wp-block-group alignfull full-width is-vertical is-content-justification-left is-nowrap is-layout-flex wp-container-core-group-is-layout-6a46bf93 wp-block-group-is-layout-flex\" style=\"border-radius:0px;min-height:598px;margin-top:0px;margin-right:0px;margin-bottom:0px;margin-left:0px;padding-top:0px;padding-right:0px;padding-bottom:0px;padding-left:0px\">\n<h1 class=\"wp-block-heading has-text-align-left full-width has-mulish-font-family has-text-color\" style=\"color:rgba(24,127,135,1);margin-top:0px;margin-right:0px;margin-bottom:0px;margin-left:0px;font-size:clamp(18.959px, 1.185rem + ((1vw - 3.2px) * 1.15), 30px);font-style:normal;font-weight:700;line-height:1.5\">Estimaci\u00f3n para alquilar en las Landas<\/h1>\n\n\n\n<div class=\"wp-block-group is-vertical is-layout-flex wp-container-core-group-is-layout-fe9cc265 wp-block-group-is-layout-flex\">\n<p class=\"has-text-align-left full-width has-mulish-font-family\" style=\"margin-top:0px;margin-right:0px;margin-bottom:0px;margin-left:0px;font-size:clamp(14px, 0.875rem + ((1vw - 3.2px) * 0.313), 17px);line-height:1.6\">La regi\u00f3n de Las Landas, conocida por su belleza natural y su <strong>entorno<\/strong> tranquilo, atrae a muchos propietarios que desean<strong>invertir en inmuebles de alquiler<\/strong>. Si quieres <strong>sacar el m\u00e1ximo partido a tu propiedad<\/strong>, es vital calcular correctamente su valor de alquiler.   <\/p>\n\n\n\n<p class=\"has-text-align-left full-width has-mulish-font-family\" style=\"margin-top:0px;margin-right:0px;margin-bottom:0px;margin-left:0px;font-size:clamp(14px, 0.875rem + ((1vw - 3.2px) * 0.313), 17px);line-height:1.6\">Cada tipo de alquiler, ya sea anual o estacional, tiene sus propias estrategias diferenciadas que s\u00f3lo <strong>una buena gesti\u00f3n<\/strong> puede orquestar con eficacia.<\/p>\n\n\n\n<div class=\"wp-block-buttons is-content-justification-center is-layout-flex wp-container-core-buttons-is-layout-a89b3969 wp-block-buttons-is-layout-flex\">\n<div class=\"wp-block-button is-style-outline is-style-outline--1\"><a class=\"wp-block-button__link has-custom-bleu-canard-color has-text-color has-link-color has-border-color has-custom-bleu-canard-border-color has-custom-font-size wp-element-button\" href=\"https:\/\/www.aupa-immo.com\/es\/contacto-acceso-agencias\/\" style=\"border-width:1px;border-radius:0px;padding-top:24px;padding-right:40px;padding-bottom:24px;padding-left:40px;font-size:clamp(14px, 0.875rem + ((1vw - 3.2px) * 0.417), 18px);font-style:normal;font-weight:700;text-transform:uppercase\">Contacta con nosotros para presupuestar tu propiedad  <img decoding=\"async\" class=\"wp-image-437\" style=\"width: 33px;\" src=\"https:\/\/www.aupa-immo.com\/wp-content\/uploads\/2025\/07\/right-arrow-1.svg\" alt=\"flecha derecha\"\/><\/a><\/div>\n<\/div>\n<\/div>\n<\/div>\n<\/div>\n\n\n\n<div class=\"wp-block-column is-vertically-aligned-center is-layout-flow wp-block-column-is-layout-flow\">\n<div class=\"wp-block-group full-width animated fadeIn delay-100ms slow is-horizontal is-content-justification-center is-nowrap is-layout-flex wp-container-core-group-is-layout-f8ff1399 wp-block-group-is-layout-flex\" style=\"border-radius:0px;margin-top:0px;margin-right:0px;margin-bottom:0px;margin-left:0px;padding-top:0px;padding-right:0px;padding-bottom:0px;padding-left:0px\">\n<div class=\"wp-block-group column-one wp-container-content-0733e5d0 is-vertical is-content-justification-left is-layout-flex wp-container-core-group-is-layout-85ab176b wp-block-group-is-layout-flex\" style=\"border-radius:0px;margin-top:0px;margin-right:0px;margin-bottom:0px;margin-left:0px;padding-top:0px;padding-right:0px;padding-bottom:0px;padding-left:0px\">\n<figure class=\"wp-block-image size-large\"><img loading=\"lazy\" decoding=\"async\" width=\"824\" height=\"1024\" src=\"https:\/\/www.aupa-immo.com\/wp-content\/uploads\/2025\/08\/aupa-immobilier-photo-pixabay-1-e1756306778535-824x1024.jpg\" alt=\"aupa immobilier foto pixabay 1\" class=\"wp-image-6192\"\/><\/figure>\n\n\n\n<figure class=\"wp-block-image size-full\"><img decoding=\"async\" src=\"https:\/\/www.aupa-immo.com\/wp-content\/uploads\/2025\/08\/aupa-immobilier-photo-adobestock-6-scaled.jpeg\" alt=\"aupa immobilier foto adobestock 6\" class=\"wp-image-2733\" style=\"aspect-ratio:1;object-fit:cover\"\/><\/figure>\n<\/div>\n\n\n\n<div class=\"wp-block-group column-two wp-container-content-0733e5d0 is-vertical is-content-justification-left is-layout-flex wp-container-core-group-is-layout-6fdcc828 wp-block-group-is-layout-flex\" style=\"border-radius:0px;min-height:678px;margin-top:0px;margin-right:0px;margin-bottom:0px;margin-left:0px;padding-top:0px;padding-right:0px;padding-bottom:0px;padding-left:0px\">\n<figure class=\"wp-block-image size-full blob-image\" style=\"margin-top:0px;margin-right:0px;margin-bottom:0px;margin-left:0px\"><img decoding=\"async\" src=\"https:\/\/www.aupa-immo.com\/wp-content\/uploads\/2025\/08\/aupa-immobilier-photo-unsplash-25-scaled.jpg\" alt=\"aupa immobilier foto unsplash 25\" class=\"wp-image-2727\" style=\"object-fit:cover\"\/><\/figure>\n\n\n\n<figure class=\"wp-block-image size-full blob-image\" style=\"margin-top:0px;margin-right:0px;margin-bottom:0px;margin-left:0px\"><img loading=\"lazy\" decoding=\"async\" width=\"500\" height=\"889\" src=\"https:\/\/www.aupa-immo.com\/wp-content\/uploads\/2025\/08\/aupa-immobilier-photo-bureaux-equipe-valeurs-vieux-boucau17.jpg\" alt=\"aupa immobilier photo bureaux equipe valeurs vieux boucau17\" class=\"wp-image-2730\" style=\"aspect-ratio:3\/4;object-fit:cover\" srcset=\"https:\/\/www.aupa-immo.com\/wp-content\/uploads\/2025\/08\/aupa-immobilier-photo-bureaux-equipe-valeurs-vieux-boucau17.jpg 500w, https:\/\/www.aupa-immo.com\/wp-content\/uploads\/2025\/08\/aupa-immobilier-photo-bureaux-equipe-valeurs-vieux-boucau17-169x300.jpg 169w\" sizes=\"auto, (max-width: 500px) 100vw, 500px\" \/><\/figure>\n<\/div>\n<\/div>\n<\/div>\n<\/div>\n<\/section>\n\n<section class=\"wp-block-group alignfull page-02 bis is-layout-flow wp-block-group-is-layout-flow\" style=\"margin-top:0px;margin-bottom:0px\">\n<div data-swiper=\"{&quot;speed&quot;:1000,&quot;autoplay&quot;:{&quot;delay&quot;:5000,&quot;disableOnInteraction&quot;:false},&quot;spaceBetween&quot;:0,&quot;slidesPerView&quot;:1,&quot;pagination&quot;:{&quot;el&quot;:&quot;.swiper-pagination&quot;,&quot;dynamicBullets&quot;:true,&quot;clickable&quot;:true,&quot;type&quot;:&quot;bullets&quot;},&quot;navigation&quot;:{&quot;nextEl&quot;:&quot;.swiper-button-next&quot;,&quot;prevEl&quot;:&quot;.swiper-button-prev&quot;},&quot;breakpoints&quot;:[{&quot;slidesPerView&quot;:1}]}\" class=\"wp-block-cover alignfull has-parallax blob-image\" style=\"padding-top:7rem;padding-right:4rem;padding-bottom:7rem;padding-left:4rem\"><div role=\"img\" aria-label=\"clay banks FxWRXUBanZA unsplash\" class=\"wp-block-cover__image-background wp-image-19038 size-full has-parallax\" style=\"background-position:50% 50%;background-image:url(https:\/\/www.aupa-immo.com\/wp-content\/uploads\/2025\/10\/clay-banks-FxWRXUBanZA-unsplash-scaled-e1759742323215.jpg)\"><\/div><span aria-hidden=\"true\" class=\"wp-block-cover__background has-custom-gris-texte-background-color has-background-dim-30 has-background-dim\"><\/span><div class=\"wp-block-cover__inner-container has-global-padding is-layout-constrained wp-container-core-cover-is-layout-56f00950 wp-block-cover-is-layout-constrained\">\n<div class=\"wp-block-columns is-layout-flex wp-container-core-columns-is-layout-28f84493 wp-block-columns-is-layout-flex\">\n<div class=\"wp-block-column is-layout-flow wp-block-column-is-layout-flow\">\n<div class=\"wp-block-group has-global-padding is-content-justification-left is-layout-constrained wp-container-core-group-is-layout-5d7043c7 wp-block-group-is-layout-constrained\" style=\"margin-top:0px;margin-right:0px;margin-bottom:0px;margin-left:0px\">\n<h2 class=\"wp-block-heading has-text-align-left has-mulish-font-family has-text-color\" style=\"color:rgba(255,255,255,1);margin-top:0px;margin-right:0px;margin-bottom:0px;margin-left:0px;font-size:clamp(18.17px, 1.136rem + ((1vw - 3.2px) * 1.076), 28.5px);font-style:normal;font-weight:700;line-height:1.0\">Presupuestos de alquiler, la garant\u00eda de un alquiler de mercado competitivo<\/h2>\n\n\n\n<p><\/p>\n<\/div>\n\n\n\n<div class=\"wp-block-group has-global-padding is-content-justification-left is-layout-constrained wp-container-core-group-is-layout-5d7043c7 wp-block-group-is-layout-constrained\" style=\"margin-top:0px;margin-right:0px;margin-bottom:0px;margin-left:0px\">\n<p class=\"has-text-align-left\">Confiar la <strong>gesti\u00f3n del alquiler anual de<\/strong> tu inmueble a un profesional te permite<strong>estimar el valor del alquiler<\/strong> con la mayor precisi\u00f3n posible y<strong>garantizar su rentabilidad a largo plazo<\/strong>. En Aupa Immobilier, <a href=\"https:\/\/www.aupa-immo.com\/es\/\">tu agencia inmobiliaria en las Landas<\/a>, ponemos nuestra experiencia a tu servicio para ofrecerte <strong>tranquilidad<\/strong> y eficacia. <\/p>\n\n\n\n<p>Nos encargamos de todo el proceso: desde la valoraci\u00f3n de tu inmueble en alquiler en las Landas hasta la promoci\u00f3n del mismo, pasando por la <strong>selecci\u00f3n de inquilinos<\/strong>, la redacci\u00f3n de los contratos y el seguimiento diario de los alquileres. El objetivo es garantizar una gesti\u00f3n sin problemas y una <strong>propiedad permanentemente rentable<\/strong>, sin las molestias administrativas. <\/p>\n<\/div>\n<\/div>\n\n\n\n<div class=\"wp-block-column is-layout-flow wp-block-column-is-layout-flow\">\n<div class=\"wp-block-group has-global-padding is-content-justification-left is-layout-constrained wp-container-core-group-is-layout-5d7043c7 wp-block-group-is-layout-constrained\" style=\"margin-top:0px;margin-right:0px;margin-bottom:0px;margin-left:0px\">\n<p class=\"has-text-align-left\"><strong>Nuestros compromisos para el \u00e9xito del alquiler durante todo el a\u00f1o :<\/strong><\/p>\n\n\n\n<ul class=\"wp-block-list\">\n<li>Optimizar los alquileres de acuerdo con las tendencias del mercado local<\/li>\n\n\n\n<li>Rigurosa selecci\u00f3n de inquilinos para mayor seguridad<\/li>\n\n\n\n<li>Gesti\u00f3n diaria y supervisi\u00f3n del mantenimiento de la propiedad<\/li>\n<\/ul>\n\n\n\n<p>Elige el <strong>alquiler durante todo el a\u00f1o<\/strong> con Aupa Immobilier y aseg\u00farate de que tu propiedad se gestiona de forma profesional y rentable.<\/p>\n<\/div>\n<\/div>\n<\/div>\n<\/div><\/div>\n<\/section>\n\n<section class=\"wp-block-group alignfull page-03 has-background has-global-padding is-layout-constrained wp-container-core-group-is-layout-4b9ce7a9 wp-block-group-is-layout-constrained\" style=\"border-radius:0px;background-color:rgba(255,255,255,1);margin-top:0px;margin-right:0px;margin-bottom:0px;margin-left:0px;padding-top:var(--wp--preset--spacing--50);padding-right:var(--wp--preset--spacing--50);padding-bottom:var(--wp--preset--spacing--50);padding-left:var(--wp--preset--spacing--50)\">\n<div class=\"wp-block-group full-width is-horizontal is-content-justification-center is-nowrap is-layout-flex wp-container-core-group-is-layout-fdd22e45 wp-block-group-is-layout-flex\" style=\"border-radius:0px;margin-top:0px;margin-bottom:4rem;padding-top:0px;padding-right:0px;padding-bottom:0px;padding-left:0px\">\n<div class=\"wp-block-group has-global-padding is-content-justification-center is-layout-constrained wp-container-core-group-is-layout-95eb2f89 wp-block-group-is-layout-constrained\" style=\"margin-top:0px;margin-right:0px;margin-bottom:0px;margin-left:0px\">\n<h2 class=\"wp-block-heading has-text-align-center full-width has-mulish-font-family has-text-color\" style=\"color:rgba(11,72,88,1);margin-top:0px;margin-right:0px;margin-bottom:0px;margin-left:0px;font-size:clamp(17.905px, 1.119rem + ((1vw - 3.2px) * 1.052), 28px);line-height:1.0\"><strong>\u00bfPor qu\u00e9 recurrir a un experto inmobiliario<\/strong> para valorar y alquilar tu vivienda?<\/h2>\n<\/div>\n<\/div>\n\n\n\n<div class=\"wp-block-columns is-layout-flex wp-container-core-columns-is-layout-18fd109e wp-block-columns-is-layout-flex\" style=\"border-radius:0px;margin-top:0px;margin-right:0px;margin-bottom:0px;margin-left:0px;padding-top:0px;padding-right:0px;padding-bottom:0px;padding-left:0px\">\n<div class=\"wp-block-column is-vertically-aligned-center is-layout-flow wp-block-column-is-layout-flow\" style=\"flex-basis:40%\">\n<div class=\"wp-block-group is-vertical is-content-justification-right is-nowrap is-layout-flex wp-container-core-group-is-layout-2ed0d78e wp-block-group-is-layout-flex\" style=\"border-radius:0px;margin-top:0px;margin-right:0px;margin-bottom:0px;margin-left:0px;padding-top:0px;padding-right:0px;padding-bottom:0px;padding-left:0px\">\n<div class=\"wp-block-group animated fadeInLeft delay-200ms slow has-custom-bleu-fonce-background-color has-background is-horizontal is-content-justification-space-between is-nowrap is-layout-flex wp-container-core-group-is-layout-abe18750 wp-block-group-is-layout-flex\" style=\"border-radius:0px;min-height:200px;margin-top:0px;margin-right:0px;margin-bottom:0px;margin-left:0px;padding-top:0;padding-right:1rem;padding-bottom:0px;padding-left:2rem\">\n<figure class=\"wp-block-image size-full is-resized\" style=\"margin-top:0px;margin-right:0px;margin-bottom:0px;margin-left:0px\"><img loading=\"lazy\" decoding=\"async\" width=\"100\" height=\"270\" src=\"https:\/\/www.aupa-immo.com\/wp-content\/uploads\/2025\/07\/territoire.png\" alt=\"territorio\" class=\"wp-image-509\" style=\"width:200px\"\/><\/figure>\n\n\n\n<div class=\"wp-block-group is-layout-flow wp-block-group-is-layout-flow\" style=\"margin-top:0px;margin-right:0px;margin-bottom:0px;margin-left:0px\">\n<p class=\"has-text-align-left wp-block-heading has-mulish-font-family has-text-color\" style=\"color:rgba(255,255,255,1);margin-top:0px;margin-right:0px;margin-bottom:0px;margin-left:0px;font-size:clamp(14px, 0.875rem + ((1vw - 3.2px) * 0.521), 19px);line-height:1.5;text-transform:uppercase\"><strong>conocimientos profundos<\/strong><\/p>\n<\/div>\n<\/div>\n\n\n\n<div class=\"wp-block-group animated fadeInLeft delay-400ms slow has-custom-bleu-clair-background-color has-background is-horizontal is-content-justification-space-between is-nowrap is-layout-flex wp-container-core-group-is-layout-abe18750 wp-block-group-is-layout-flex\" style=\"border-radius:0px;min-height:200px;margin-top:0px;margin-right:0px;margin-bottom:0px;margin-left:0px;padding-top:0;padding-right:1rem;padding-bottom:0px;padding-left:2rem\">\n<figure class=\"wp-block-image size-full is-resized\" style=\"margin-top:0px;margin-right:0px;margin-bottom:0px;margin-left:0px\"><img loading=\"lazy\" decoding=\"async\" width=\"104\" height=\"277\" src=\"https:\/\/www.aupa-immo.com\/wp-content\/uploads\/2025\/07\/personnalise.png\" alt=\"personaliza\" class=\"wp-image-505\" style=\"width:200px\"\/><\/figure>\n\n\n\n<div class=\"wp-block-group is-layout-flow wp-block-group-is-layout-flow\" style=\"margin-top:0px;margin-right:0px;margin-bottom:0px;margin-left:0px\">\n<p class=\"has-text-align-left wp-block-heading has-mulish-font-family has-text-color\" style=\"color:rgba(255,255,255,1);margin-top:0px;margin-right:0px;margin-bottom:0px;margin-left:0px;font-size:clamp(14px, 0.875rem + ((1vw - 3.2px) * 0.521), 19px);line-height:1.5;text-transform:uppercase\"><strong>seguimiento personalizado<\/strong><\/p>\n<\/div>\n<\/div>\n<\/div>\n<\/div>\n\n\n\n<div class=\"wp-block-column is-vertically-aligned-center is-layout-flow wp-block-column-is-layout-flow\" style=\"flex-basis:60%\">\n<div class=\"wp-block-group full-width is-vertical is-content-justification-stretch is-nowrap is-layout-flex wp-container-core-group-is-layout-9239bb49 wp-block-group-is-layout-flex\" style=\"border-radius:0px;margin-top:0px;margin-right:0px;margin-bottom:0px;margin-left:0px;padding-top:0px;padding-right:0px;padding-bottom:0px;padding-left:0px\">\n<p class=\"has-text-align-left full-width has-text-color has-mulish-font-family\" style=\"color:rgba(58,58,59,1);margin-top:0px;margin-right:0px;margin-bottom:0px;margin-left:0px;font-size:clamp(14px, 0.875rem + ((1vw - 3.2px) * 0.521), 19px);font-style:normal;font-weight:400;line-height:1.6\"><a href=\"https:\/\/www.aupa-immo.com\/es\/estimacion-inmobiliaria-landas\/\">Estimar una propiedad<\/a> es algo m\u00e1s que un simple c\u00e1lculo. Requiere <strong>un conocimiento profundo<\/strong> del mercado local. Aupa Immobilier, agencia de las Landas con m\u00e1s de 20 a\u00f1os de experiencia en Vieux-Boucau-les-Bains, Messanges y Moliets et Ma\u00e2, ofrece esta <strong>experiencia<\/strong> inigualable. En una regi\u00f3n en la que cada pueblo tiene sus caracter\u00edsticas espec\u00edficas, nuestra agencia dispone de las competencias necesarias para ofrecer un servicio a medida.   <\/p>\n\n\n\n<p class=\"has-text-align-left full-width has-text-color has-mulish-font-family\" style=\"color:rgba(58,58,59,1);margin-top:0px;margin-right:0px;margin-bottom:0px;margin-left:0px;font-size:clamp(14px, 0.875rem + ((1vw - 3.2px) * 0.521), 19px);font-style:normal;font-weight:400;line-height:1.6\">Para nuestro apasionado equipo de Aupa Immobilier es un honor acompa\u00f1ar a sus clientes a lo largo de todo su proyecto de alquiler, empezando por la valoraci\u00f3n del inmueble. Al elegir Aupa Immobilier, te beneficias no s\u00f3lo de un asesoramiento experto, sino tambi\u00e9n de <strong>un seguimiento personalizado<\/strong> para <strong>optimizar el valor de alquiler<\/strong> de tu inmueble. Valorar tu inmueble en alquiler en las Landas nunca ha sido tan f\u00e1cil&#8230;  <\/p>\n<\/div>\n<\/div>\n<\/div>\n<\/section>\n\n<section class=\"wp-block-group alignfull page-04 has-background has-global-padding is-layout-constrained wp-container-core-group-is-layout-971508ad wp-block-group-is-layout-constrained\" id=\"telephone\" style=\"border-radius:0px;background-color:rgba(255,255,255,1);margin-top:0px;margin-right:0px;margin-bottom:0px;margin-left:0px;padding-top:10rem;padding-right:0px;padding-bottom:10rem;padding-left:1px;background-image:url(&apos;https:\/\/www.aupa-immo.com\/wp-content\/uploads\/2025\/07\/background-image.png&apos;);background-size:cover;background-attachment:fixed;\">\n<div class=\"wp-block-group is-vertical is-content-justification-center is-layout-flex wp-container-core-group-is-layout-8e8509f5 wp-block-group-is-layout-flex\" style=\"margin-top:0px;margin-right:0px;margin-bottom:0px;margin-left:0px\">\n<div class=\"wp-block-group is-content-justification-center is-nowrap is-layout-flex wp-container-core-group-is-layout-544f4e0f wp-block-group-is-layout-flex\" style=\"margin-bottom:2rem\">\n<h2 class=\"wp-block-heading has-text-align-center full-width has-mulish-font-family has-text-color\" style=\"color:rgba(8,59,77,1);margin-top:0px;margin-right:0px;margin-bottom:0px;margin-left:0px;font-size:clamp(17.905px, 1.119rem + ((1vw - 3.2px) * 1.052), 28px);font-style:normal;font-weight:400;line-height:1.0\"><strong>Asistencia personalizada para la venta de tu <\/strong><strong>inmueble<\/strong><br\/><strong> de Moliets a Vieux-Boucau<\/strong><\/h2>\n<\/div>\n\n\n\n<p class=\"has-text-align-center\">Invertir en las Landas requiere algo m\u00e1s que un presupuesto, ya sea <a href=\"https:\/\/www.aupa-immo.com\/es\/estimacion-de-venta\/\">en venta<\/a> o, como en este caso, en alquiler. Es esencial un acompa\u00f1amiento <strong>a medida<\/strong> durante todo el proceso de alquiler. Desde la negociaci\u00f3n del contrato hasta la selecci\u00f3n de los inquilinos, Aupa Immobilier se asegura de que cada etapa se desarrolle sin problemas.  <\/p>\n\n\n\n<p>La agencia adopta un<strong> enfoque proactivo<\/strong> para gestionar tu propiedad, garantizando <strong>una ocupaci\u00f3n continuada<\/strong> y<strong> unos ingresos por alquiler \u00f3ptimos<\/strong>. Este servicio integral tambi\u00e9n incluye <strong>asesoramiento sobre mejoras que<\/strong> pueden aumentar el valor del alquiler. <\/p>\n<\/div>\n<\/section>\n\n<section class=\"wp-block-group page-06 has-global-padding is-content-justification-left is-layout-constrained wp-container-core-group-is-layout-68d0a947 wp-block-group-is-layout-constrained\" style=\"padding-right:2rem;padding-bottom:0rem;padding-left:0px\">\n<div class=\"wp-block-group has-custom-gris-bleu-clair-background-color has-background is-layout-flow wp-block-group-is-layout-flow\" style=\"padding-top:4rem;padding-right:78px;padding-bottom:4rem;padding-left:4rem\">\n<div class=\"wp-block-columns is-layout-flex wp-container-core-columns-is-layout-7fc3d43a wp-block-columns-is-layout-flex\">\n<div class=\"wp-block-column is-layout-flow wp-block-column-is-layout-flow\">\n<div class=\"wp-block-group is-layout-flow wp-block-group-is-layout-flow\" style=\"border-bottom-color:var(--wp--preset--color--custom-bleu-clair);border-bottom-width:1px;padding-bottom:2rem\">\n<h2 class=\"wp-block-heading has-custom-bleu-clair-color has-text-color has-link-color wp-elements-fc77947f17c84934f4baf4fbc510ec29\">Valoraci\u00f3n y gesti\u00f3n para el <strong>alquiler durante todo el a\u00f1o<\/strong> de tu vivienda en las Landas<\/h2>\n<\/div>\n\n\n\n<p>\u00bfQuieres alquilar tu vivienda todo el a\u00f1o? Una <strong>estimaci\u00f3n precisa<\/strong> es esencial.  <\/p>\n\n\n\n<p>Para hacer una estimaci\u00f3n del alquiler se tienen en cuenta varios criterios. En primer lugar, el <strong>precio por metro cuadrado<\/strong> se determina en funci\u00f3n de las caracter\u00edsticas del inmueble y de su ubicaci\u00f3n. Tambi\u00e9n se realiza un <strong>estudio comparativo<\/strong> con inmuebles similares alquilados recientemente en la misma zona.  <\/p>\n\n\n\n<p>Por \u00faltimo, es esencial que esta valoraci\u00f3n vaya seguida de una <strong>buena gesti\u00f3n del alquiler<\/strong> para maximizar tus ingresos. Como expertos en alquiler de inmuebles, podemos proporcionarte una <strong>estimaci\u00f3n precisa y adecuada<\/strong> del valor de alquiler de tu propiedad, para garantizar una gesti\u00f3n eficaz y \u00f3ptima en el mercado local. <\/p>\n\n\n\n<div class=\"wp-block-buttons is-content-justification-center is-layout-flex wp-container-core-buttons-is-layout-a89b3969 wp-block-buttons-is-layout-flex\">\n<div class=\"wp-block-button is-style-outline is-style-outline--2\"><a class=\"wp-block-button__link has-custom-bleu-canard-color has-text-color has-link-color has-border-color has-custom-bleu-canard-border-color has-custom-font-size wp-element-button\" href=\"https:\/\/www.aupa-immo.com\/es\/contacto-acceso-agencias\/\" style=\"border-width:1px;border-radius:0px;padding-top:24px;padding-right:40px;padding-bottom:24px;padding-left:40px;font-size:clamp(14px, 0.875rem + ((1vw - 3.2px) * 0.417), 18px);font-style:normal;font-weight:700;text-transform:uppercase\">Contacta con nosotros para un presupuesto de alquiler  <img decoding=\"async\" class=\"wp-image-437\" style=\"width: 33px;\" src=\"https:\/\/www.aupa-immo.com\/wp-content\/uploads\/2025\/07\/right-arrow-1.svg\" alt=\"flecha derecha\"\/><\/a><\/div>\n<\/div>\n<\/div>\n\n\n\n<div class=\"wp-block-column is-layout-flow wp-block-column-is-layout-flow\">\n<figure class=\"wp-block-image size-full animated fadeInRight delay-100ms o-anim-custom-speed\"><img decoding=\"async\" src=\"https:\/\/www.aupa-immo.com\/wp-content\/uploads\/2025\/08\/aupa-immobilier-photo-bureaux-equipe-valeurs-vieux-boucau11-scaled.jpeg\" alt=\"aupa immobilier photo bureaux equipe valeurs vieux boucau11\" class=\"wp-image-2742\" style=\"aspect-ratio:4\/3;object-fit:cover\"\/><\/figure>\n<\/div>\n<\/div>\n<\/div>\n\n\n\n<div class=\"wp-block-group is-layout-flow wp-block-group-is-layout-flow\" style=\"padding-top:4rem;padding-right:78px;padding-bottom:4rem;padding-left:4rem\">\n<div class=\"wp-block-columns is-layout-flex wp-container-core-columns-is-layout-7fc3d43a wp-block-columns-is-layout-flex\">\n<div class=\"wp-block-column is-layout-flow wp-block-column-is-layout-flow\">\n<figure class=\"wp-block-image size-full animated fadeInLeft delay-100ms slow\"><img decoding=\"async\" src=\"https:\/\/www.aupa-immo.com\/wp-content\/uploads\/2025\/08\/aupa-immobilier-photo-unsplash-7-scaled.jpg\" alt=\"aupa immobilier foto unsplash 7\" class=\"wp-image-2739\" style=\"aspect-ratio:4\/3;object-fit:cover\"\/><\/figure>\n<\/div>\n\n\n\n<div class=\"wp-block-column is-layout-flow wp-block-column-is-layout-flow\">\n<div class=\"wp-block-group is-layout-flow wp-block-group-is-layout-flow\" style=\"border-bottom-color:var(--wp--preset--color--custom-bleu-clair);border-bottom-width:1px;padding-bottom:2rem\">\n<h2 class=\"wp-block-heading has-custom-bleu-clair-color has-text-color has-link-color wp-elements-8fc03b5699e538dc2f73a0c518980902\">Valoraci\u00f3n y gesti\u00f3n de tu vivienda <strong>de alquiler de temporada<\/strong> en las Landas<\/h2>\n<\/div>\n\n\n\n<p>En una regi\u00f3n din\u00e1mica como Las Landas, los alquileres de temporada presentan <strong>retos diferentes<\/strong> a los de los alquileres de todo el a\u00f1o. Evaluar<strong>la accesibilidad<\/strong>, <strong>los servicios<\/strong> <strong>del entorno<\/strong> y el <strong>potencial tur\u00edstico<\/strong> es crucial, sobre todo en Las Landas, donde el atractivo var\u00eda seg\u00fan la temporada. Gracias a su <strong>experiencia local<\/strong>, los profesionales de Aupa Immobilier pueden identificar estos factores y elaborar una valoraci\u00f3n precisa.  <\/p>\n\n\n\n<p>Aupa Immobilier elabora <strong>planes de gesti\u00f3n personalizados<\/strong> para que tus alquileres est\u00e9n siempre en consonancia <strong>con el mercado<\/strong>. La agencia ajusta las tarifas y condiciones de alquiler en funci\u00f3n de <strong>las variaciones estacionales<\/strong> y<strong> los picos de demanda<\/strong>. <\/p>\n<\/div>\n<\/div>\n<\/div>\n<\/section>\n","protected":false},"excerpt":{"rendered":"<p>Estimaci\u00f3n para alquilar en las Landas La regi\u00f3n de Las Landas, conocida por su belleza natural y su entorno tranquilo, atrae a muchos propietarios que deseaninvertir en inmuebles de alquiler. Si quieres sacar el m\u00e1ximo partido a tu propiedad, es vital calcular correctamente su valor de alquiler. Cada tipo de alquiler, ya sea anual o [&hellip;]<\/p>\n","protected":false},"author":1,"featured_media":0,"parent":0,"menu_order":0,"comment_status":"closed","ping_status":"closed","template":"","meta":{"_seopress_robots_primary_cat":"","_seopress_titles_title":"Valoraci\u00f3n en alquiler Landes | Valoraci\u00f3n en alquiler 40","_seopress_titles_desc":"Estima el valor de alquiler de tu vivienda en las Landas con Aupa Immobilier. Obt\u00e9n una estimaci\u00f3n precisa y un apoyo a medida ","_seopress_robots_index":"","inline_featured_image":false,"gt_fse_maillage_image":"","gt_fse_maillage_titre":"Calado autom\u00e1tico","gt_fse_maillage_alt":"Calado autom\u00e1tico","gt_fse_maillage_resume":"","footnotes":""},"categories":[],"tags":[],"class_list":["post-5092","page","type-page","status-publish","hentry"],"_links":{"self":[{"href":"https:\/\/www.aupa-immo.com\/es\/wp-json\/wp\/v2\/pages\/5092","targetHints":{"allow":["GET"]}}],"collection":[{"href":"https:\/\/www.aupa-immo.com\/es\/wp-json\/wp\/v2\/pages"}],"about":[{"href":"https:\/\/www.aupa-immo.com\/es\/wp-json\/wp\/v2\/types\/page"}],"author":[{"embeddable":true,"href":"https:\/\/www.aupa-immo.com\/es\/wp-json\/wp\/v2\/users\/1"}],"replies":[{"embeddable":true,"href":"https:\/\/www.aupa-immo.com\/es\/wp-json\/wp\/v2\/comments?post=5092"}],"version-history":[{"count":9,"href":"https:\/\/www.aupa-immo.com\/es\/wp-json\/wp\/v2\/pages\/5092\/revisions"}],"predecessor-version":[{"id":51388,"href":"https:\/\/www.aupa-immo.com\/es\/wp-json\/wp\/v2\/pages\/5092\/revisions\/51388"}],"wp:attachment":[{"href":"https:\/\/www.aupa-immo.com\/es\/wp-json\/wp\/v2\/media?parent=5092"}],"wp:term":[{"taxonomy":"category","embeddable":true,"href":"https:\/\/www.aupa-immo.com\/es\/wp-json\/wp\/v2\/categories?post=5092"},{"taxonomy":"post_tag","embeddable":true,"href":"https:\/\/www.aupa-immo.com\/es\/wp-json\/wp\/v2\/tags?post=5092"}],"curies":[{"name":"wp","href":"https:\/\/api.w.org\/{rel}","templated":true}]}}